{"id":3094,"date":"2016-01-30T22:56:11","date_gmt":"2016-01-30T21:56:11","guid":{"rendered":"http:\/\/www.palliativpsychologie.de\/?page_id=3094"},"modified":"2022-09-26T17:36:37","modified_gmt":"2022-09-26T15:36:37","slug":"palliative-care-fuer-psychologen-5-block","status":"publish","type":"page","link":"https:\/\/www.palliativpsychologie.de\/?page_id=3094","title":{"rendered":"Palliative Care f\u00fcr Psychologen \u2013 5. Block"},"content":{"rendered":"<h3>Zeiten<\/h3>\n<p>Beginn: Mittwoch\/Donnerstag um 10:00 Uhr<br \/>\nEnde: Samstag\/Sonntag um 16:00 Uhr<\/p>\n<h3>Inhalte<\/h3>\n<ul>\n<li>Selbstf\u00fcrsorge<\/li>\n<li>Interventionen bei psychischen Belastungen<\/li>\n<li>Interventionen mit Angeh\u00f6rigen<\/li>\n<li>Ethik, Recht und Entscheidungsfindung<\/li>\n<li>Sterbewunsch, Sterbehilfe<\/li>\n<li>Interventionen zur St\u00e4rkung von W\u00fcrde und Autonomie<\/li>\n<li>Palliative Haltung<\/li>\n<li>Abschluss<\/li>\n<\/ul>\n<h3>Methoden<\/h3>\n<p>Vortr\u00e4ge, \u00dcbungen, Kleingruppenarbeit, Microlearning, kollegialer Austausch<\/p>\n<h3>Referenten<\/h3>\n<p class=\"Normal tm5\"><span class=\"tm6\">Jan Gramm, Dr. Timo Sauer <\/span><\/p>\n<h3>Weitere Kursbl\u00f6cke<\/h3>\n<p style=\"padding-left: 30px;\"><a href=\"http:\/\/www.palliativpsychologie.de\/?page_id=3076\"><strong>1. Block<\/strong><\/a><br \/>\n<a href=\"http:\/\/www.palliativpsychologie.de\/?page_id=3014\"><strong>2. Block\u00a0<\/strong><\/a>Selbsterfahrung<br \/>\n<a href=\"http:\/\/www.palliativpsychologie.de\/?page_id=3088\"><strong>3. Block<\/strong><\/a><br \/>\n<a href=\"http:\/\/www.palliativpsychologie.de\/?page_id=3092\"><strong>4. Block<\/strong><\/a><\/p>\n","protected":false},"excerpt":{"rendered":"<p>Zeiten Beginn: Mittwoch\/Donnerstag um 10:00 Uhr Ende: Samstag\/Sonntag um 16:00 Uhr Inhalte Selbstf\u00fcrsorge Interventionen bei psychischen Belastungen Interventionen mit Angeh\u00f6rigen Ethik, Recht und Entscheidungsfindung Sterbewunsch, Sterbehilfe Interventionen zur St\u00e4rkung von W\u00fcrde und Autonomie Palliative Haltung Abschluss Methoden Vortr\u00e4ge, \u00dcbungen, Kleingruppenarbeit, &hellip; <a href=\"https:\/\/www.palliativpsychologie.de\/?page_id=3094\">Weiterlesen <span class=\"meta-nav\">&rarr;<\/span><\/a><\/p>\n","protected":false},"author":1,"featured_media":0,"parent":23,"menu_order":0,"comment_status":"closed","ping_status":"closed","template":"sidebar-page.php","meta":{"footnotes":""},"class_list":["post-3094","page","type-page","status-publish","hentry"],"_links":{"self":[{"href":"https:\/\/www.palliativpsychologie.de\/index.php?rest_route=\/wp\/v2\/pages\/3094","targetHints":{"allow":["GET"]}}],"collection":[{"href":"https:\/\/www.palliativpsychologie.de\/index.php?rest_route=\/wp\/v2\/pages"}],"about":[{"href":"https:\/\/www.palliativpsychologie.de\/index.php?rest_route=\/wp\/v2\/types\/page"}],"author":[{"embeddable":true,"href":"https:\/\/www.palliativpsychologie.de\/index.php?rest_route=\/wp\/v2\/users\/1"}],"replies":[{"embeddable":true,"href":"https:\/\/www.palliativpsychologie.de\/index.php?rest_route=%2Fwp%2Fv2%2Fcomments&post=3094"}],"version-history":[{"count":9,"href":"https:\/\/www.palliativpsychologie.de\/index.php?rest_route=\/wp\/v2\/pages\/3094\/revisions"}],"predecessor-version":[{"id":3779,"href":"https:\/\/www.palliativpsychologie.de\/index.php?rest_route=\/wp\/v2\/pages\/3094\/revisions\/3779"}],"up":[{"embeddable":true,"href":"https:\/\/www.palliativpsychologie.de\/index.php?rest_route=\/wp\/v2\/pages\/23"}],"wp:attachment":[{"href":"https:\/\/www.palliativpsychologie.de\/index.php?rest_route=%2Fwp%2Fv2%2Fmedia&parent=3094"}],"curies":[{"name":"wp","href":"https:\/\/api.w.org\/{rel}","templated":true}]}}