{"id":3092,"date":"2016-01-30T22:54:42","date_gmt":"2016-01-30T21:54:42","guid":{"rendered":"http:\/\/www.palliativpsychologie.de\/?page_id=3092"},"modified":"2022-09-26T17:34:43","modified_gmt":"2022-09-26T15:34:43","slug":"palliative-care-fuer-psychologen-4-block","status":"publish","type":"page","link":"https:\/\/www.palliativpsychologie.de\/?page_id=3092","title":{"rendered":"Palliative Care f\u00fcr Psychologen \u2013 4. Block"},"content":{"rendered":"<h3>Zeiten<\/h3>\n<p>Beginn: Mittwoch\/Donnerstag um 10:00 Uhr<br \/>\nEnde: Samstag\/Sonntag um 15:30 Uhr<\/p>\n<h3>Inhalte<\/h3>\n<ul>\n<li>Selbstf\u00fcrsorge<\/li>\n<li>Krankheitsbilder und -verl\u00e4ufe und deren Behandlung: Nicht-Tumorerkrankungen<\/li>\n<li>Sterben thematisieren<\/li>\n<li>Kommunikation bei Bewusstseinsst\u00f6rung und kognitiver Einschr\u00e4nkung<\/li>\n<li>Psychopharmakologie bei Palliativpatienten<\/li>\n<li>Berufliches Selbstverst\u00e4ndnis<\/li>\n<li>Arbeiten im multiprofessionellen Team<\/li>\n<li>Krisenintervention, Grundlagen der Traumatherapie<\/li>\n<li>Kulturelle Aspekte<\/li>\n<\/ul>\n<h3>Methoden<\/h3>\n<p>Vortr\u00e4ge, \u00dcbungen, Kleingruppenarbeit, Microlearning, kollegialer Austausch<\/p>\n<h3>Referenten<\/h3>\n<p class=\"Normal tm5\"><span class=\"tm6\">Anne Baumann, Jan Gramm, Dr. Elisabeth Jentschke, Silke Joester, Dr. med. Daniel Stanze<\/span><\/p>\n<h3>Weitere Kursbl\u00f6cke<\/h3>\n<p style=\"padding-left: 30px;\"><a href=\"http:\/\/www.palliativpsychologie.de\/?page_id=3076\"><strong>1. Block<\/strong><\/a><br \/>\n<a href=\"http:\/\/www.palliativpsychologie.de\/?page_id=3014\"><strong>2. Block\u00a0<\/strong><\/a>Selbsterfahrung<br \/>\n<a href=\"http:\/\/www.palliativpsychologie.de\/?page_id=3088\"><strong>3. Block<\/strong><\/a><br \/>\n<a href=\"http:\/\/www.palliativpsychologie.de\/?page_id=3094\"><strong>5. Block<\/strong><\/a><\/p>\n","protected":false},"excerpt":{"rendered":"<p>Zeiten Beginn: Mittwoch\/Donnerstag um 10:00 Uhr Ende: Samstag\/Sonntag um 15:30 Uhr Inhalte Selbstf\u00fcrsorge Krankheitsbilder und -verl\u00e4ufe und deren Behandlung: Nicht-Tumorerkrankungen Sterben thematisieren Kommunikation bei Bewusstseinsst\u00f6rung und kognitiver Einschr\u00e4nkung Psychopharmakologie bei Palliativpatienten Berufliches Selbstverst\u00e4ndnis Arbeiten im multiprofessionellen Team Krisenintervention, Grundlagen der &hellip; <a href=\"https:\/\/www.palliativpsychologie.de\/?page_id=3092\">Weiterlesen <span class=\"meta-nav\">&rarr;<\/span><\/a><\/p>\n","protected":false},"author":1,"featured_media":0,"parent":23,"menu_order":0,"comment_status":"closed","ping_status":"closed","template":"sidebar-page.php","meta":{"footnotes":""},"class_list":["post-3092","page","type-page","status-publish","hentry"],"_links":{"self":[{"href":"https:\/\/www.palliativpsychologie.de\/index.php?rest_route=\/wp\/v2\/pages\/3092","targetHints":{"allow":["GET"]}}],"collection":[{"href":"https:\/\/www.palliativpsychologie.de\/index.php?rest_route=\/wp\/v2\/pages"}],"about":[{"href":"https:\/\/www.palliativpsychologie.de\/index.php?rest_route=\/wp\/v2\/types\/page"}],"author":[{"embeddable":true,"href":"https:\/\/www.palliativpsychologie.de\/index.php?rest_route=\/wp\/v2\/users\/1"}],"replies":[{"embeddable":true,"href":"https:\/\/www.palliativpsychologie.de\/index.php?rest_route=%2Fwp%2Fv2%2Fcomments&post=3092"}],"version-history":[{"count":9,"href":"https:\/\/www.palliativpsychologie.de\/index.php?rest_route=\/wp\/v2\/pages\/3092\/revisions"}],"predecessor-version":[{"id":3776,"href":"https:\/\/www.palliativpsychologie.de\/index.php?rest_route=\/wp\/v2\/pages\/3092\/revisions\/3776"}],"up":[{"embeddable":true,"href":"https:\/\/www.palliativpsychologie.de\/index.php?rest_route=\/wp\/v2\/pages\/23"}],"wp:attachment":[{"href":"https:\/\/www.palliativpsychologie.de\/index.php?rest_route=%2Fwp%2Fv2%2Fmedia&parent=3092"}],"curies":[{"name":"wp","href":"https:\/\/api.w.org\/{rel}","templated":true}]}}